{"id":2,"date":"2025-11-26T10:55:51","date_gmt":"2025-11-26T10:55:51","guid":{"rendered":"https:\/\/slediarhitekture.arhiv-koper.si\/?page_id=2"},"modified":"2026-02-09T12:52:24","modified_gmt":"2026-02-09T11:52:24","slug":"sample-page","status":"publish","type":"page","link":"https:\/\/slediarhitekture.arhiv-koper.si\/","title":{"rendered":""},"content":{"rendered":"\n<div class=\"wp-block-columns alignwide is-layout-flex wp-container-core-columns-is-layout-28f84493 wp-block-columns-is-layout-flex\">\n<div class=\"wp-block-column is-layout-flow wp-block-column-is-layout-flow\">\n<figure class=\"wp-block-image aligncenter size-large\"><img loading=\"lazy\" decoding=\"async\" width=\"1024\" height=\"574\" src=\"https:\/\/slediarhitekture.arhiv-koper.si\/wp-content\/uploads\/2025\/12\/1000018772-1024x574.png\" alt=\"\" class=\"wp-image-96\" srcset=\"https:\/\/slediarhitekture.arhiv-koper.si\/wp-content\/uploads\/2025\/12\/1000018772-1024x574.png 1024w, https:\/\/slediarhitekture.arhiv-koper.si\/wp-content\/uploads\/2025\/12\/1000018772-300x168.png 300w, https:\/\/slediarhitekture.arhiv-koper.si\/wp-content\/uploads\/2025\/12\/1000018772-768x430.png 768w, https:\/\/slediarhitekture.arhiv-koper.si\/wp-content\/uploads\/2025\/12\/1000018772-1536x861.png 1536w, https:\/\/slediarhitekture.arhiv-koper.si\/wp-content\/uploads\/2025\/12\/1000018772-2048x1148.png 2048w\" sizes=\"auto, (max-width: 1024px) 100vw, 1024px\" \/><\/figure>\n\n\n\n<p><strong>DODAJ SVOJ VTIS\/SPOMIN \/ AGGIUNGI LA TUA IMPRESSIONE\/RICORDO<\/strong><\/p>\n\n\n\n<p class=\"has-system-font-font-family\">Na zemljevidu ozna\u010di, na katero stavbo, javni prostor je vezan tvoj vtis\/spomin. \/ Sulla mappa indica a quale edificio o spazio pubblico si lega la tua impressione o ricordo.<\/p>\n\n\n\n\n<div class=\"open-user-map \">\n\n  \n  \n  <!-- Map Container -->\n  <div class=\"oum-map-container\">\n    \n<div class=\"box-wrap map-size-default \">\n  \n  <div class=\"map-wrap\">\n    <div class=\"oum-loading-overlay\">\n      <div class=\"oum-loading-spinner\"><\/div>\n    <\/div>\n    <div id=\"map-20210929\" class=\"leaflet-map map-style_Esri.WorldImagery\" data-oum-tile-provider-container=\"esri\"><\/div>\n    \n    \n    \n        \n      \n      \n        <div id=\"open-add-location-overlay\" class=\"open-add-location-overlay oum-hidden\" style=\"background-color: #25acc6\"><span class=\"btn_icon\">+<\/span><span class=\"btn_text\">Dodaj\/Aggiungi<\/span><\/div>\n\n      \n    \n    \n    \n    <script type=\"text\/javascript\" id=\"oum-init-map\" data-category=\"functional\" class=\"cmplz-native\" data-oum-tile-provider=\"esri\">\n\n      map_el = `map-20210929`;\n\n      if(document.getElementById(map_el)) {\n        \/* Transfer PHP array to JS json *\/\n        var oum_all_locations = [{\"title\":\"Pristani\u0161ka 2\",\"lat\":\"45.545948702174\",\"lng\":\"13.725915433258\",\"zoom\":\"12\",\"content\":\"Pristani\u0161ka 2 Datum\/Data: 25.4.2026 Najboljsi sladoled v mestu, turisticna znamenistost. pristaniska-2\",\"icon\":\"https:\/\/slediarhitekture.arhiv-koper.si\/wp-content\/plugins\/open-user-map\/src\/leaflet\/images\/marker-icon_custom1-2x.png\",\"types\":[],\"post_id\":\"183\",\"address\":\"\",\"text\":\"Najboljsi sladoled v mestu, turisticna znamenistost.\",\"image\":\"\",\"audio\":\"\",\"video\":\"\",\"custom_fields\":[{\"index\":1764518722641,\"label\":\"Datum\/Data\",\"val\":\"25.4.2026\",\"fieldtype\":\"text\",\"uselabelastextoption\":false,\"use12hour\":false,\"private\":false}],\"votes\":0,\"star_rating_avg\":0,\"star_rating_count\":0},{\"title\":\"titov trg\",\"lat\":\"45.548220872598\",\"lng\":\"13.729632531794\",\"zoom\":\"12\",\"content\":\"titov trg Datum\/Data: 25. 4. vedno so turisti tam in baje, da je lepo titov-trg-4\",\"icon\":\"https:\/\/slediarhitekture.arhiv-koper.si\/wp-content\/plugins\/open-user-map\/src\/leaflet\/images\/marker-icon_custom1-2x.png\",\"types\":[],\"post_id\":\"163\",\"address\":\"\",\"text\":\"vedno so turisti tam in baje, da je lepo\",\"image\":\"\",\"audio\":\"\",\"video\":\"\",\"custom_fields\":[{\"index\":1764518722641,\"label\":\"Datum\/Data\",\"val\":\"25. 4.\",\"fieldtype\":\"text\",\"uselabelastextoption\":false,\"use12hour\":false,\"private\":false}],\"votes\":0,\"star_rating_avg\":0,\"star_rating_count\":0},{\"title\":\"bankart\",\"lat\":\"45.548438126156\",\"lng\":\"13.728602528572\",\"zoom\":\"12\",\"content\":\"bankart Datum\/Data: 25.4.2026 tukaj zivimo z mojo porodico bankart\",\"icon\":\"https:\/\/slediarhitekture.arhiv-koper.si\/wp-content\/plugins\/open-user-map\/src\/leaflet\/images\/marker-icon_custom1-2x.png\",\"types\":[],\"post_id\":\"161\",\"address\":\"\",\"text\":\"tukaj zivimo z mojo porodico\",\"image\":\"\",\"audio\":\"\",\"video\":\"\",\"custom_fields\":[{\"index\":1764518722641,\"label\":\"Datum\/Data\",\"val\":\"25.4.2026\",\"fieldtype\":\"text\",\"uselabelastextoption\":false,\"use12hour\":false,\"private\":false}],\"votes\":0,\"star_rating_avg\":0,\"star_rating_count\":0},{\"title\":\"pomol\",\"lat\":\"45.548383568073\",\"lng\":\"13.722302234065\",\"zoom\":\"12\",\"content\":\"pomol Datum\/Data: 25.4.2026 tukaj se baka z mojo porodico pomol\",\"icon\":\"https:\/\/slediarhitekture.arhiv-koper.si\/wp-content\/plugins\/open-user-map\/src\/leaflet\/images\/marker-icon_custom1-2x.png\",\"types\":[],\"post_id\":\"159\",\"address\":\"\",\"text\":\"tukaj se baka z mojo porodico\",\"image\":\"\",\"audio\":\"\",\"video\":\"\",\"custom_fields\":[{\"index\":1764518722641,\"label\":\"Datum\/Data\",\"val\":\"25.4.2026\",\"fieldtype\":\"text\",\"uselabelastextoption\":false,\"use12hour\":false,\"private\":false}],\"votes\":0,\"star_rating_avg\":0,\"star_rating_count\":0},{\"title\":\"kolarska 12\",\"lat\":\"45.545592258536\",\"lng\":\"13.731123805046\",\"zoom\":\"12\",\"content\":\"kolarska 12 Datum\/Data: 25.4.2026 zgodovinsko pomemben lokal, danes veliko dogajanja, neformalen center izmenjevanja kulturne in politicne misli kolarska-12\",\"icon\":\"https:\/\/slediarhitekture.arhiv-koper.si\/wp-content\/plugins\/open-user-map\/src\/leaflet\/images\/marker-icon_custom1-2x.png\",\"types\":[],\"post_id\":\"157\",\"address\":\"\",\"text\":\"zgodovinsko pomemben lokal, danes veliko dogajanja, neformalen center izmenjevanja kulturne in politicne misli\",\"image\":\"\",\"audio\":\"\",\"video\":\"\",\"custom_fields\":[{\"index\":1764518722641,\"label\":\"Datum\/Data\",\"val\":\"25.4.2026\",\"fieldtype\":\"text\",\"uselabelastextoption\":false,\"use12hour\":false,\"private\":false}],\"votes\":0,\"star_rating_avg\":0,\"star_rating_count\":0},{\"title\":\"trg brolo\",\"lat\":\"45.548000994652\",\"lng\":\"13.730989694595\",\"zoom\":\"12\",\"content\":\"trg brolo Datum\/Data: 25.4.2026 Tam je srz kulture (glasbena, knjiznica,sole), center, edina tocka ki je na kupu trg-brolo\",\"icon\":\"https:\/\/slediarhitekture.arhiv-koper.si\/wp-content\/plugins\/open-user-map\/src\/leaflet\/images\/marker-icon_custom1-2x.png\",\"types\":[],\"post_id\":\"165\",\"address\":\"\",\"text\":\"Tam je srz kulture (glasbena, knjiznica,sole), center, edina tocka ki je na kupu \",\"image\":\"\",\"audio\":\"\",\"video\":\"\",\"custom_fields\":[{\"index\":1764518722641,\"label\":\"Datum\/Data\",\"val\":\"25.4.2026\",\"fieldtype\":\"text\",\"uselabelastextoption\":false,\"use12hour\":false,\"private\":false}],\"votes\":0,\"star_rating_avg\":0,\"star_rating_count\":0},{\"title\":\"Giardinet\",\"lat\":\"45.547715185434\",\"lng\":\"13.728856718359\",\"zoom\":\"12\",\"content\":\"Giardinet Datum\/Data: 25.4.2026 mesto iz otrostva, tam sem se igrala in to ostane zavedno. giardinet\",\"icon\":\"https:\/\/slediarhitekture.arhiv-koper.si\/wp-content\/plugins\/open-user-map\/src\/leaflet\/images\/marker-icon_custom1-2x.png\",\"types\":[],\"post_id\":\"167\",\"address\":\"\",\"text\":\"mesto iz otrostva, tam sem se igrala in to ostane zavedno.\",\"image\":\"\",\"audio\":\"\",\"video\":\"\",\"custom_fields\":[{\"index\":1764518722641,\"label\":\"Datum\/Data\",\"val\":\"25.4.2026\",\"fieldtype\":\"text\",\"uselabelastextoption\":false,\"use12hour\":false,\"private\":false}],\"votes\":0,\"star_rating_avg\":0,\"star_rating_count\":0},{\"title\":\"titov trg\",\"lat\":\"45.548173481359\",\"lng\":\"13.729664683342\",\"zoom\":\"12\",\"content\":\"titov trg Datum\/Data: 25.4.2026 bile poroke, loggia (puberteta), gledalisce, znamenitost pretorska pala\u010da titov-trg-3\",\"icon\":\"https:\/\/slediarhitekture.arhiv-koper.si\/wp-content\/plugins\/open-user-map\/src\/leaflet\/images\/marker-icon_custom1-2x.png\",\"types\":[],\"post_id\":\"169\",\"address\":\"\",\"text\":\"bile poroke, loggia (puberteta), gledalisce, znamenitost pretorska pala\u010da\",\"image\":\"\",\"audio\":\"\",\"video\":\"\",\"custom_fields\":[{\"index\":1764518722641,\"label\":\"Datum\/Data\",\"val\":\"25.4.2026\",\"fieldtype\":\"text\",\"uselabelastextoption\":false,\"use12hour\":false,\"private\":false}],\"votes\":0,\"star_rating_avg\":0,\"star_rating_count\":0},{\"title\":\"mokra ma\u010dka\",\"lat\":\"45.549792938465\",\"lng\":\"13.726167082787\",\"zoom\":\"12\",\"content\":\"mokra ma\u010dka Datum\/Data: 25.4.2026 pla\u017ea, kjer sem se najvec kopala v \u017eivljenju mokra-macka\",\"icon\":\"https:\/\/slediarhitekture.arhiv-koper.si\/wp-content\/plugins\/open-user-map\/src\/leaflet\/images\/marker-icon_custom1-2x.png\",\"types\":[],\"post_id\":\"171\",\"address\":\"\",\"text\":\"pla\u017ea, kjer sem se najvec kopala v \u017eivljenju\",\"image\":\"\",\"audio\":\"\",\"video\":\"\",\"custom_fields\":[{\"index\":1764518722641,\"label\":\"Datum\/Data\",\"val\":\"25.4.2026\",\"fieldtype\":\"text\",\"uselabelastextoption\":false,\"use12hour\":false,\"private\":false}],\"votes\":0,\"star_rating_avg\":0,\"star_rating_count\":0},{\"title\":\"levja 8\",\"lat\":\"45.547781466734\",\"lng\":\"13.735329508781\",\"zoom\":\"12\",\"content\":\"levja 8 Datum\/Data: 25.4.2026 tu sem doma. levja-8-2\",\"icon\":\"https:\/\/slediarhitekture.arhiv-koper.si\/wp-content\/plugins\/open-user-map\/src\/leaflet\/images\/marker-icon_custom1-2x.png\",\"types\":[],\"post_id\":\"173\",\"address\":\"\",\"text\":\"tu sem doma.\",\"image\":\"\",\"audio\":\"\",\"video\":\"\",\"custom_fields\":[{\"index\":1764518722641,\"label\":\"Datum\/Data\",\"val\":\"25.4.2026\",\"fieldtype\":\"text\",\"uselabelastextoption\":false,\"use12hour\":false,\"private\":false}],\"votes\":0,\"star_rating_avg\":0,\"star_rating_count\":0},{\"title\":\"titov trg\",\"lat\":\"45.548140025238\",\"lng\":\"13.72961640358\",\"zoom\":\"12\",\"content\":\"titov trg Datum\/Data: 25.4.2026 ker je najlepsi trg v sloveniji titov-trg-2\",\"icon\":\"https:\/\/slediarhitekture.arhiv-koper.si\/wp-content\/plugins\/open-user-map\/src\/leaflet\/images\/marker-icon_custom1-2x.png\",\"types\":[],\"post_id\":\"175\",\"address\":\"\",\"text\":\"ker je najlepsi trg v sloveniji\",\"image\":\"\",\"audio\":\"\",\"video\":\"\",\"custom_fields\":[{\"index\":1764518722641,\"label\":\"Datum\/Data\",\"val\":\"25.4.2026\",\"fieldtype\":\"text\",\"uselabelastextoption\":false,\"use12hour\":false,\"private\":false}],\"votes\":0,\"star_rating_avg\":0,\"star_rating_count\":0},{\"title\":\"levja 8\",\"lat\":\"45.547803920206\",\"lng\":\"13.735302686691\",\"zoom\":\"12\",\"content\":\"levja 8 Datum\/Data: 25.4.2026 Zelena oaza sredi mesta levja-8\",\"icon\":\"https:\/\/slediarhitekture.arhiv-koper.si\/wp-content\/plugins\/open-user-map\/src\/leaflet\/images\/marker-icon_custom1-2x.png\",\"types\":[],\"post_id\":\"177\",\"address\":\"\",\"text\":\"Zelena oaza sredi mesta\",\"image\":\"\",\"audio\":\"\",\"video\":\"\",\"custom_fields\":[{\"index\":1764518722641,\"label\":\"Datum\/Data\",\"val\":\"25.4.2026\",\"fieldtype\":\"text\",\"uselabelastextoption\":false,\"use12hour\":false,\"private\":false}],\"votes\":0,\"star_rating_avg\":0,\"star_rating_count\":0},{\"title\":\"promenada\",\"lat\":\"45.545722972345\",\"lng\":\"13.723794197443\",\"zoom\":\"12\",\"content\":\"promenada Datum\/Data: 25.4.2026 Ker povezuje stari otok z morjem in z drugimi delimi, nekdanja povezava promenada\",\"icon\":\"https:\/\/slediarhitekture.arhiv-koper.si\/wp-content\/plugins\/open-user-map\/src\/leaflet\/images\/marker-icon_custom1-2x.png\",\"types\":[],\"post_id\":\"179\",\"address\":\"\",\"text\":\"Ker povezuje stari otok z morjem in z drugimi delimi, nekdanja povezava\",\"image\":\"\",\"audio\":\"\",\"video\":\"\",\"custom_fields\":[{\"index\":1764518722641,\"label\":\"Datum\/Data\",\"val\":\"25.4.2026\",\"fieldtype\":\"text\",\"uselabelastextoption\":false,\"use12hour\":false,\"private\":false}],\"votes\":0,\"star_rating_avg\":0,\"star_rating_count\":0},{\"title\":\"Verdijeva 9a\",\"lat\":\"45.549259351426\",\"lng\":\"13.729471564293\",\"zoom\":\"12\",\"content\":\"Verdijeva 9a Datum\/Data: 25.4.2026 dom verdijeva-9a\",\"icon\":\"https:\/\/slediarhitekture.arhiv-koper.si\/wp-content\/plugins\/open-user-map\/src\/leaflet\/images\/marker-icon_custom1-2x.png\",\"types\":[],\"post_id\":\"181\",\"address\":\"\",\"text\":\"dom\\u003Cbr\\u003E\",\"image\":\"\",\"audio\":\"\",\"video\":\"\",\"custom_fields\":[{\"index\":1764518722641,\"label\":\"Datum\/Data\",\"val\":\"25.4.2026\",\"fieldtype\":\"text\",\"uselabelastextoption\":false,\"use12hour\":false,\"private\":false}],\"votes\":0,\"star_rating_avg\":0,\"star_rating_count\":0},{\"title\":\"titov trg\",\"lat\":\"45.548184722515\",\"lng\":\"13.729609008759\",\"zoom\":\"12\",\"content\":\"titov trg Datum\/Data: 25.4.2026 Ker je srce mesta in njegove zgodovine titov-trg\",\"icon\":\"https:\/\/slediarhitekture.arhiv-koper.si\/wp-content\/plugins\/open-user-map\/src\/leaflet\/images\/marker-icon_custom1-2x.png\",\"types\":[],\"post_id\":\"185\",\"address\":\"\",\"text\":\"Ker je srce mesta in njegove zgodovine\",\"image\":\"\",\"audio\":\"\",\"video\":\"\",\"custom_fields\":[{\"index\":1764518722641,\"label\":\"Datum\/Data\",\"val\":\"25.4.2026\",\"fieldtype\":\"text\",\"uselabelastextoption\":false,\"use12hour\":false,\"private\":false}],\"votes\":0,\"star_rating_avg\":0,\"star_rating_count\":0},{\"title\":\"more\",\"lat\":\"45.547046658109\",\"lng\":\"13.720775861878\",\"zoom\":\"12\",\"content\":\"more Datum\/Data: 25.4.2026 Ker je z morja pogled na mesto, ki nam govori da je bilo otok more\",\"icon\":\"https:\/\/slediarhitekture.arhiv-koper.si\/wp-content\/plugins\/open-user-map\/src\/leaflet\/images\/marker-icon_custom1-2x.png\",\"types\":[],\"post_id\":\"187\",\"address\":\"\",\"text\":\"Ker je z morja pogled na mesto, ki nam govori da je bilo otok\",\"image\":\"\",\"audio\":\"\",\"video\":\"\",\"custom_fields\":[{\"index\":1764518722641,\"label\":\"Datum\/Data\",\"val\":\"25.4.2026\",\"fieldtype\":\"text\",\"uselabelastextoption\":false,\"use12hour\":false,\"private\":false}],\"votes\":0,\"star_rating_avg\":0,\"star_rating_count\":0},{\"title\":\"gimnazija koper\",\"lat\":\"45.54803801394\",\"lng\":\"13.732538692337\",\"zoom\":\"12\",\"content\":\"gimnazija koper Datum\/Data: 25.4.2026 Ker sem tam prezivela 54 let in predstavlja intelektualno sredisce kopra gimnazija-koper\",\"icon\":\"https:\/\/slediarhitekture.arhiv-koper.si\/wp-content\/plugins\/open-user-map\/src\/leaflet\/images\/marker-icon_custom1-2x.png\",\"types\":[],\"post_id\":\"189\",\"address\":\"\",\"text\":\"Ker sem tam prezivela 54 let in predstavlja intelektualno sredisce kopra\",\"image\":\"\",\"audio\":\"\",\"video\":\"\",\"custom_fields\":[{\"index\":1764518722641,\"label\":\"Datum\/Data\",\"val\":\"25.4.2026\",\"fieldtype\":\"text\",\"uselabelastextoption\":false,\"use12hour\":false,\"private\":false}],\"votes\":0,\"star_rating_avg\":0,\"star_rating_count\":0},{\"title\":\"tomazicev trg 1\",\"lat\":\"45.546887517098\",\"lng\":\"13.726790430364\",\"zoom\":\"12\",\"content\":\"tomazicev trg 1 Datum\/Data: 25.4.2026 prostor mojega otrostva, prvi spoznam, in kje sem govorila v koperski italijanscini, ker me niso razumeli slovensko tomazicev-trg-1\",\"icon\":\"https:\/\/slediarhitekture.arhiv-koper.si\/wp-content\/plugins\/open-user-map\/src\/leaflet\/images\/marker-icon_custom1-2x.png\",\"types\":[],\"post_id\":\"191\",\"address\":\"\",\"text\":\"prostor mojega otrostva, prvi spoznam, in kje sem govorila v koperski italijanscini, ker me niso razumeli slovensko\",\"image\":\"\",\"audio\":\"\",\"video\":\"\",\"custom_fields\":[{\"index\":1764518722641,\"label\":\"Datum\/Data\",\"val\":\"25.4.2026\",\"fieldtype\":\"text\",\"uselabelastextoption\":false,\"use12hour\":false,\"private\":false}],\"votes\":0,\"star_rating_avg\":0,\"star_rating_count\":0},{\"title\":\"Zito\",\"lat\":\"45.546231439666\",\"lng\":\"13.725941777229\",\"zoom\":\"16\",\"content\":\"Zito Datum\/Data: 25.4.2026 ko ne vem kam, ko ne vem kaj, jaz grem tam. zito\",\"icon\":\"https:\/\/slediarhitekture.arhiv-koper.si\/wp-content\/plugins\/open-user-map\/src\/leaflet\/images\/marker-icon_custom1-2x.png\",\"types\":[],\"post_id\":\"193\",\"address\":\"\",\"text\":\"ko ne vem kam, ko ne vem kaj, jaz grem tam.\",\"image\":\"\",\"audio\":\"\",\"video\":\"\",\"custom_fields\":[{\"index\":1764518722641,\"label\":\"Datum\/Data\",\"val\":\"25.4.2026\",\"fieldtype\":\"text\",\"uselabelastextoption\":false,\"use12hour\":false,\"private\":false}],\"votes\":0,\"star_rating_avg\":0,\"star_rating_count\":0},{\"title\":\"K\u0160\u0323OK\",\"lat\":\"45.546231439666\",\"lng\":\"13.725941777229\",\"zoom\":\"16\",\"content\":\"K\u0160\u0323OK Datum\/Data: 25.4.2026 naaaaaaajaci plac tko ever \u2764\ufe0f\u2764\ufe0f\u2764\ufe0f k%e1%b9%a3ok\",\"icon\":\"https:\/\/slediarhitekture.arhiv-koper.si\/wp-content\/plugins\/open-user-map\/src\/leaflet\/images\/marker-icon_custom1-2x.png\",\"types\":[],\"post_id\":\"195\",\"address\":\"\",\"text\":\"naaaaaaajaci plac tko ever \u2764\ufe0f\u2764\ufe0f\u2764\ufe0f\",\"image\":\"\",\"audio\":\"\",\"video\":\"\",\"custom_fields\":[{\"index\":1764518722641,\"label\":\"Datum\/Data\",\"val\":\"25.4.2026\",\"fieldtype\":\"text\",\"uselabelastextoption\":false,\"use12hour\":false,\"private\":false}],\"votes\":0,\"star_rating_avg\":0,\"star_rating_count\":0},{\"title\":\"servitski samostan\",\"lat\":\"45.547704780915\",\"lng\":\"13.72676613481\",\"zoom\":\"12\",\"content\":\"servitski samostan Datum\/Data: 25.4.2026 kjer sta se tam moja starsa rodila (11let fant) servitski-samostan\",\"icon\":\"https:\/\/slediarhitekture.arhiv-koper.si\/wp-content\/plugins\/open-user-map\/src\/leaflet\/images\/marker-icon_custom1-2x.png\",\"types\":[],\"post_id\":\"197\",\"address\":\"\",\"text\":\"kjer sta se tam moja starsa rodila (11let fant)\",\"image\":\"\",\"audio\":\"\",\"video\":\"\",\"custom_fields\":[{\"index\":1764518722641,\"label\":\"Datum\/Data\",\"val\":\"25.4.2026\",\"fieldtype\":\"text\",\"uselabelastextoption\":false,\"use12hour\":false,\"private\":false}],\"votes\":0,\"star_rating_avg\":0,\"star_rating_count\":0},{\"title\":\"Hi\u0161ni red\",\"lat\":\"45.539809112995\",\"lng\":\"13.719075322151\",\"zoom\":\"12\",\"content\":\"Hi\u0161ni red Datum\/Data: 26.5.2026 Hi\u0161ni red iz leta 1979 izobe\u0161en v vstopu v blok. hisni-red\",\"icon\":\"https:\/\/slediarhitekture.arhiv-koper.si\/wp-content\/plugins\/open-user-map\/src\/leaflet\/images\/marker-icon_custom1-2x.png\",\"types\":[],\"post_id\":\"199\",\"address\":\"\",\"text\":\"Hi\u0161ni red iz leta 1979 izobe\u0161en v vstopu v blok.\",\"image\":\"https:\/\/slediarhitekture.arhiv-koper.si\/wp-content\/uploads\/oum-useruploads\/69ee3b8eb7d3e.jpeg\",\"audio\":\"\",\"video\":\"\",\"custom_fields\":[{\"index\":1764518722641,\"label\":\"Datum\/Data\",\"val\":\"26.5.2026\",\"fieldtype\":\"text\",\"uselabelastextoption\":false,\"use12hour\":false,\"private\":false}],\"votes\":0,\"star_rating_avg\":0,\"star_rating_count\":0},{\"title\":\"Originalni po\u0161tni nabiralniki\",\"lat\":\"45.539816299109\",\"lng\":\"13.719069957733\",\"zoom\":\"12\",\"content\":\"Originalni po\u0161tni nabiralniki Datum\/Data: 26.4.2026 Po\u0161tni nabiralniki, ki od leta 1956 sprejemajo po\u0161to prebivalcev na Jenkovi ulici 5. originalni-postni-nabiralniki\",\"icon\":\"https:\/\/slediarhitekture.arhiv-koper.si\/wp-content\/plugins\/open-user-map\/src\/leaflet\/images\/marker-icon_custom1-2x.png\",\"types\":[],\"post_id\":\"202\",\"address\":\"\",\"text\":\"Po\u0161tni nabiralniki, ki od leta 1956 sprejemajo po\u0161to prebivalcev na Jenkovi ulici 5.\",\"image\":\"https:\/\/slediarhitekture.arhiv-koper.si\/wp-content\/uploads\/oum-useruploads\/69ee3c2b7b405.jpeg\",\"audio\":\"\",\"video\":\"\",\"custom_fields\":[{\"index\":1764518722641,\"label\":\"Datum\/Data\",\"val\":\"26.4.2026\",\"fieldtype\":\"text\",\"uselabelastextoption\":false,\"use12hour\":false,\"private\":false}],\"votes\":0,\"star_rating_avg\":0,\"star_rating_count\":0},{\"title\":\"Alarmni znaki\",\"lat\":\"45.539811368555\",\"lng\":\"13.719037771225\",\"zoom\":\"12\",\"content\":\"Alarmni znaki Datum\/Data: 26.4.2026 Alarmni znaki iz poznih 80. let alarmni-znaki\",\"icon\":\"https:\/\/slediarhitekture.arhiv-koper.si\/wp-content\/plugins\/open-user-map\/src\/leaflet\/images\/marker-icon_custom1-2x.png\",\"types\":[],\"post_id\":\"205\",\"address\":\"\",\"text\":\"Alarmni znaki iz poznih 80. let\",\"image\":\"https:\/\/slediarhitekture.arhiv-koper.si\/wp-content\/uploads\/oum-useruploads\/69ee3c9b9a853.jpeg\",\"audio\":\"\",\"video\":\"\",\"custom_fields\":[{\"index\":1764518722641,\"label\":\"Datum\/Data\",\"val\":\"26.4.2026\",\"fieldtype\":\"text\",\"uselabelastextoption\":false,\"use12hour\":false,\"private\":false}],\"votes\":0,\"star_rating_avg\":0,\"star_rating_count\":0},{\"title\":\"Gramscijev trg - Sampieri di Gianni Pellizzer\",\"lat\":\"45.547364844562\",\"lng\":\"13.735159183869\",\"zoom\":\"12\",\"content\":\"Gramscijev trg - Sampieri di Gianni Pellizzer Datum\/Data: 25.4.2026 Gianni Pellizzer (1936-2016) je prvi pripovedoval o feste del rione leta 2012. Zelo rad je plesal, sploh na \\u0022Son nato nel piassal de Bossadraga\\u0022 (dane spoje Calegaria). gramscijev-trg-sampieri-di-gianni-pellizzer\",\"icon\":\"https:\/\/slediarhitekture.arhiv-koper.si\/wp-content\/plugins\/open-user-map\/src\/leaflet\/images\/marker-icon_custom1-2x.png\",\"types\":[],\"post_id\":\"154\",\"address\":\"\",\"text\":\"Gianni Pellizzer (1936-2016) je prvi pripovedoval o feste del rione leta 2012. Zelo rad je plesal, sploh na \\u0022Son nato nel piassal de Bossadraga\\u0022 (dane spoje Calegaria).\",\"image\":\"\",\"audio\":\"\",\"video\":\"\",\"custom_fields\":[{\"index\":1764518722641,\"label\":\"Datum\/Data\",\"val\":\"25.4.2026\",\"fieldtype\":\"text\",\"uselabelastextoption\":false,\"use12hour\":false,\"private\":false}],\"votes\":0,\"star_rating_avg\":0,\"star_rating_count\":0},{\"title\":\"Deteljica\",\"lat\":\"45.547868201516\",\"lng\":\"13.735780119896\",\"zoom\":\"16\",\"content\":\"Deteljica Datum\/Data: 2. 2. 2026 Pogled na \\u0022deteljico\\u0022 iz Vojkovega nabre\u017eja deteljica\",\"icon\":\"https:\/\/slediarhitekture.arhiv-koper.si\/wp-content\/plugins\/open-user-map\/src\/leaflet\/images\/marker-icon_custom1-2x.png\",\"types\":[],\"post_id\":\"134\",\"address\":\"\",\"text\":\"Pogled na \\u0022deteljico\\u0022 iz Vojkovega nabre\u017eja\",\"image\":\"https:\/\/slediarhitekture.arhiv-koper.si\/wp-content\/uploads\/oum-useruploads\/69823ec4759bb.jpg\",\"audio\":\"\",\"video\":\"\",\"custom_fields\":[{\"index\":1764518722641,\"label\":\"Datum\/Data\",\"val\":\"2. 2. 2026\",\"fieldtype\":\"text\",\"uselabelastextoption\":false,\"use12hour\":false,\"private\":false}],\"votes\":0,\"star_rating_avg\":0,\"star_rating_count\":0},{\"title\":\"Pogled na stavbo Interevrope, januar 2026\",\"lat\":\"45.548081066334\",\"lng\":\"13.738102912903\",\"zoom\":\"16\",\"content\":\"Pogled na stavbo Interevrope, januar 2026 Datum\/Data: Januar 2026 \/ pogled-na-stavbo-interevrope-januar-2026\",\"icon\":\"https:\/\/slediarhitekture.arhiv-koper.si\/wp-content\/plugins\/open-user-map\/src\/leaflet\/images\/marker-icon_custom1-2x.png\",\"types\":[],\"post_id\":\"131\",\"address\":\"\",\"text\":\"\/\",\"image\":\"https:\/\/slediarhitekture.arhiv-koper.si\/wp-content\/uploads\/oum-useruploads\/69823e58406ea.jpg\",\"audio\":\"\",\"video\":\"\",\"custom_fields\":[{\"index\":1764518722641,\"label\":\"Datum\/Data\",\"val\":\"Januar 2026\",\"fieldtype\":\"text\",\"uselabelastextoption\":false,\"use12hour\":false,\"private\":false}],\"votes\":0,\"star_rating_avg\":0,\"star_rating_count\":0},{\"title\":\"Taverna\",\"lat\":\"45.547994158902\",\"lng\":\"13.725565978407\",\"zoom\":\"16\",\"content\":\"Taverna Datum\/Data: 1957? Fotografija je objavljena na fb strani Koper kot je bil neko\u010d. Dragocen dokument \u010dasa gradnje Hotela Triglav v ozadju. taverna\",\"icon\":\"https:\/\/slediarhitekture.arhiv-koper.si\/wp-content\/plugins\/open-user-map\/src\/leaflet\/images\/marker-icon_custom1-2x.png\",\"types\":[],\"post_id\":\"120\",\"address\":\"\",\"text\":\"Fotografija je objavljena na fb strani Koper kot je bil neko\u010d.\\u003Cbr\\u003EDragocen dokument \u010dasa gradnje Hotela Triglav v ozadju.\",\"image\":\"https:\/\/slediarhitekture.arhiv-koper.si\/wp-content\/uploads\/oum-useruploads\/696f7735ef26a.jpg\",\"audio\":\"\",\"video\":\"\",\"custom_fields\":[{\"index\":1764518722641,\"label\":\"Datum\/Data\",\"val\":\"1957?\",\"fieldtype\":\"text\",\"uselabelastextoption\":false,\"use12hour\":false,\"private\":false}],\"votes\":0,\"star_rating_avg\":0,\"star_rating_count\":0},{\"title\":\"Na vogalu \u010cevljarske in Triglavske\",\"lat\":\"45.547416232026\",\"lng\":\"13.729385733604\",\"zoom\":\"16\",\"content\":\"Na vogalu \u010cevljarske in Triglavske Datum\/Data: 15.12.2025 Na vogalu \u010cevljarske in Triglavske je v prvem nadstropju \u017eivela gospa Emilija, zame \\u0022teta Milja\\u0022. Bila je kuharica v Pionirskem domu. Ko me je v\u010dasih kot otroka \u010duvala, je rada pripovedovala o svoji doma\u010di Ko\u0161taboni in o tem, kaj je prinesla selitev v mesto po vojni. V drobnem, razvejanem stanovanju me je povsem o\u010darala soba, ki je stala na oboku in skozi okna katere si lahko hkrati gledal na \u010cevljarsko in proti Giardinetu. Medtem ko je di\u0161alo po buhtljih. na-vogalu-cevljarske-in-triglavske\",\"icon\":\"https:\/\/slediarhitekture.arhiv-koper.si\/wp-content\/plugins\/open-user-map\/src\/leaflet\/images\/marker-icon_custom1-2x.png\",\"types\":[],\"post_id\":\"107\",\"address\":\"\",\"text\":\"Na vogalu \u010cevljarske in Triglavske je v prvem nadstropju \u017eivela gospa Emilija, zame \\u0022teta Milja\\u0022. Bila je kuharica v Pionirskem domu. Ko me je v\u010dasih kot otroka \u010duvala, je rada pripovedovala o svoji doma\u010di Ko\u0161taboni in o tem, kaj je prinesla selitev v mesto po vojni. V drobnem, razvejanem stanovanju me je povsem o\u010darala soba, ki je stala na oboku in skozi okna katere si lahko hkrati gledal na \u010cevljarsko in proti Giardinetu. Medtem ko je di\u0161alo po buhtljih.\",\"image\":\"\",\"audio\":\"\",\"video\":\"\",\"custom_fields\":[{\"index\":1764518722641,\"label\":\"Datum\/Data\",\"val\":\"15.12.2025\",\"fieldtype\":\"text\",\"uselabelastextoption\":false,\"use12hour\":false,\"private\":false}],\"votes\":0,\"star_rating_avg\":0,\"star_rating_count\":0},{\"title\":\"Neboti\u010dnik\",\"lat\":\"45.546922006368\",\"lng\":\"13.735316566876\",\"zoom\":\"16\",\"content\":\"Neboti\u010dnik Datum\/Data: 11.12.2025 Nepogre\u0161ljiva drevesa v urbanem okolju. neboticnik\",\"icon\":\"https:\/\/slediarhitekture.arhiv-koper.si\/wp-content\/plugins\/open-user-map\/src\/leaflet\/images\/marker-icon_custom1-2x.png\",\"types\":[],\"post_id\":\"103\",\"address\":\"\",\"text\":\"Nepogre\u0161ljiva drevesa v urbanem okolju.\",\"image\":\"https:\/\/slediarhitekture.arhiv-koper.si\/wp-content\/uploads\/oum-useruploads\/693b1e9d7582f.jpg\",\"audio\":\"\",\"video\":\"\",\"custom_fields\":[{\"index\":1764518722641,\"label\":\"Datum\/Data\",\"val\":\"11.12.2025\",\"fieldtype\":\"text\",\"uselabelastextoption\":false,\"use12hour\":false,\"private\":false}],\"votes\":0,\"star_rating_avg\":0,\"star_rating_count\":0},{\"title\":\"Razstava\/Mostra\",\"lat\":\"45.5477978\",\"lng\":\"13.7337252\",\"zoom\":\"16\",\"content\":\"Razstava\/Mostra Datum\/Data: 9. 12. 2025 Koper med zvonikom in \u017eerjavi: arhitekturne sledi dru\u017ebenih sprememb \/ Capodistria tra il campanile e le gru: tracce architettoniche dei cambiamenti sociali koper-med-zvonikom-in-zerjavi-arhitekturne-sledi-druzbenih-sprememb-capodistria-tra-il-campanile-e-le-gru-tracce-architettoniche-dei-cambiamenti-sociali-2\",\"icon\":\"https:\/\/slediarhitekture.arhiv-koper.si\/wp-content\/plugins\/open-user-map\/src\/leaflet\/images\/marker-icon_custom1-2x.png\",\"types\":[],\"post_id\":\"84\",\"address\":\"\",\"text\":\"Koper med zvonikom in \u017eerjavi: arhitekturne sledi dru\u017ebenih sprememb \/ Capodistria tra il campanile e le gru: tracce architettoniche dei cambiamenti sociali\",\"image\":\"https:\/\/slediarhitekture.arhiv-koper.si\/wp-content\/uploads\/oum-useruploads\/693133d44744d.png|https:\/\/slediarhitekture.arhiv-koper.si\/wp-content\/uploads\/oum-useruploads\/693133d447ed2.png\",\"audio\":\"\",\"video\":\"\",\"custom_fields\":[{\"index\":1764518722641,\"label\":\"Datum\/Data\",\"val\":\"9. 12. 2025\",\"fieldtype\":\"text\",\"uselabelastextoption\":false,\"use12hour\":false,\"private\":false}],\"votes\":0,\"star_rating_avg\":0,\"star_rating_count\":0},{\"title\":\"Razstava-Mostra\",\"lat\":\"45.548352593759\",\"lng\":\"13.728122413158\",\"zoom\":\"16\",\"content\":\"Razstava-Mostra Datum\/Data: 21.1.2026 Koper med zvonikom in \u017eerjavi: arhitekturne sledi dru\u017ebenih sprememb \/ Capodistria tra il campanile e le gru: tracce architettoniche dei cambiamenti sociali koper-med-zvonikom-in-zerjavi-arhitekturne-sledi-druzbenih-sprememb-capodistria-tra-il-campanile-e-le-gru-tracce-architettoniche-dei-cambiamenti-sociali\",\"icon\":\"https:\/\/slediarhitekture.arhiv-koper.si\/wp-content\/plugins\/open-user-map\/src\/leaflet\/images\/marker-icon_custom1-2x.png\",\"types\":[],\"post_id\":\"87\",\"address\":\"\",\"text\":\"Koper med zvonikom in \u017eerjavi: arhitekturne sledi dru\u017ebenih sprememb \/ Capodistria tra il campanile e le gru: tracce architettoniche dei cambiamenti sociali\\u003Cbr\\u003E\",\"image\":\"https:\/\/slediarhitekture.arhiv-koper.si\/wp-content\/uploads\/oum-useruploads\/6931344cca36a.png|https:\/\/slediarhitekture.arhiv-koper.si\/wp-content\/uploads\/oum-useruploads\/6931344cca5b4.png\",\"audio\":\"\",\"video\":\"\",\"custom_fields\":[{\"index\":1764518722641,\"label\":\"Datum\/Data\",\"val\":\"21.1.2026\",\"fieldtype\":\"text\",\"uselabelastextoption\":false,\"use12hour\":false,\"private\":false}],\"votes\":0,\"star_rating_avg\":0,\"star_rating_count\":0},{\"title\":\"V novem \\u0022obzidju\\u0022 Kopra\",\"lat\":\"45.54669727182\",\"lng\":\"13.735420703888\",\"zoom\":\"16\",\"content\":\"V novem \\u0022obzidju\\u0022 Kopra Datum\/Data: 30.11.2025 \u017divljenje v pahlja\u010dastem vila bloku na obrobju mestnega jedra, je zaradi zanimivega funkcionalisti\u010dnega tlorisa in zaradi dreves, ki so bila zasajena ob gradnji zelo mirno. v-novem-obzidju-kopra\",\"icon\":\"https:\/\/slediarhitekture.arhiv-koper.si\/wp-content\/plugins\/open-user-map\/src\/leaflet\/images\/marker-icon_custom1-2x.png\",\"types\":[],\"post_id\":\"53\",\"address\":\"\",\"text\":\"\u017divljenje v pahlja\u010dastem vila bloku na obrobju mestnega jedra, je zaradi zanimivega funkcionalisti\u010dnega tlorisa in zaradi dreves, ki so bila zasajena ob gradnji zelo mirno.\",\"image\":\"https:\/\/slediarhitekture.arhiv-koper.si\/wp-content\/uploads\/oum-useruploads\/692c7962e6e55.jpg\",\"audio\":\"\",\"video\":\"\",\"custom_fields\":[{\"index\":1764518722641,\"label\":\"Datum\/Data\",\"val\":\"30.11.2025\",\"fieldtype\":\"text\",\"uselabelastextoption\":false,\"use12hour\":false,\"private\":false}],\"votes\":0,\"star_rating_avg\":0,\"star_rating_count\":0},{\"title\":\"Titov trg\",\"lat\":\"45.548053485068\",\"lng\":\"13.729585559702\",\"zoom\":\"18\",\"content\":\"Titov trg Datum\/Data: 15.7.2019 Ve\u010derna procesija lokalnih veseljakov a\",\"icon\":\"https:\/\/slediarhitekture.arhiv-koper.si\/wp-content\/plugins\/open-user-map\/src\/leaflet\/images\/marker-icon_custom1-2x.png\",\"types\":[],\"post_id\":\"34\",\"address\":\"\",\"text\":\"Ve\u010derna procesija lokalnih veseljakov\",\"image\":\"https:\/\/slediarhitekture.arhiv-koper.si\/wp-content\/uploads\/2025\/11\/692c5a29ef91b-1024x687.jpg\",\"audio\":\"\",\"video\":\"\",\"custom_fields\":[{\"index\":1764518722641,\"label\":\"Datum\/Data\",\"val\":\"15.7.2019\",\"fieldtype\":\"text\",\"uselabelastextoption\":false,\"use12hour\":false,\"private\":false}],\"votes\":0,\"star_rating_avg\":0,\"star_rating_count\":0}];\n\n        \/\/ Wait for the main initialization function to be available, then call it\n        function oumWaitForMainInit() {\n          if (typeof oumInitializeMap === 'function') {\n            console.log('\ud83d\uddfa\ufe0f Open User Map: Starting');\n            \n            \/\/ Initialize the map\n            oumInitializeMap();\n          } else {\n            setTimeout(oumWaitForMainInit, 100);\n          }\n        }\n        \n        setTimeout(oumWaitForMainInit, 100);\n      }\n\n    <\/script>\n\n    <script type=\"text\/javascript\" id=\"oum-inline-js\" \n      data-category=\"functional\" \n      class=\"cmplz-native\" \n      data-minify=\"0\"\n      data-no-optimize=\"1\"\n      data-no-defer=\"1\"\n      data-no-combine=\"1\"\n      data-cfasync=\"false\"\n      data-pagespeed-no-defer\n      data-boot=\"1\">\n\n      map_el = `map-20210929`;\n\n      if(document.getElementById(map_el)) {\n\n        \/\/ Wait for OUMLoader to be defined\n        function oumLoading() {\n          if (typeof OUMLoader !== 'undefined') {\n            \/\/ Initialize loader for this map\n            OUMLoader.initLoader(map_el);\n\n            \/\/ Add event listener for map initialization complete\n            document.addEventListener('oum:map_initialized', function(e) {\n              if (e.detail.mapId === map_el) {\n                OUMLoader.setMapInitialized(map_el);\n              }\n            });\n          } else {\n            \/\/ If OUMLoader is not yet defined, wait and try again\n            setTimeout(oumLoading, 100);\n          }\n        }\n\n        \/\/ OUM Loading Spinner\n        oumLoading();\n\n        \/\/ OUM inline JS variables\n        var mapStyle = `Esri.WorldImagery`;\n        var oum_tile_provider_mapbox_key = ``;\n        var marker_icon_url = `https:\/\/slediarhitekture.arhiv-koper.si\/wp-content\/plugins\/open-user-map\/src\/leaflet\/images\/marker-icon_custom1-2x.png`;\n        var marker_shadow_url = `https:\/\/slediarhitekture.arhiv-koper.si\/wp-content\/plugins\/open-user-map\/src\/leaflet\/images\/marker-shadow.png`;\n        var oum_enable_scrollwheel_zoom_map = false;\n        var oum_enable_cluster = true;\n        var oum_enable_fullscreen = true;\n\n        var oum_enable_searchbar = true;\n        var oum_searchbar_type = `address`;\n\n        var oum_geosearch_selected_provider = ``; \n        var oum_geosearch_provider = `osm`;\n        var oum_geosearch_provider_geoapify_key = ``;\n        var oum_geosearch_provider_here_key = ``;\n        var oum_geosearch_provider_mapbox_key = ``;\n        \n        var oum_enable_searchaddress_button = true;\n        var oum_searchaddress_label = `Poi\u0161\u010di naslov\/Trova un indirizzo`;\n\n        var oum_enable_searchmarkers_button = true;\n        var oum_searchmarkers_label = `Najdi\/Trova`;\n        var oum_searchmarkers_zoom = `8`;\n\n        var oum_enable_currentlocation = false;\n        var oum_action_after_submit = `text`;\n        var thankyou_redirect = ``;\n        var start_lat = Number(45.54715052322);\n        var start_lng = Number(13.730514619487);\n        var start_zoom = Number(15.5);\n        \n        var oum_enable_fixed_map_bounds = ``;\n        var oum_use_settings_start_location = true;\n        var oum_has_regions = false;\n        var oum_enable_multiple_marker_types = `false`;\n        var oum_hide_filterbox = false;\n        var oum_hide_location_popup = false;\n        var oum_enable_address = ``;\n        var oum_enable_address_autofill = ``;\n\n        \/\/ WordPress timezone for opening hours calculations\n        var oum_wordpress_timezone = `UTC+1`;\n\n        \/\/ Custom Image data\n        var oum_custom_image_url = ``;\n        var oum_custom_image_bounds = {\"north\":\"90\",\"south\":\"-90\",\"east\":\"180\",\"west\":\"-180\"};\n        var oum_custom_image_hide_tiles = false;\n        var oum_custom_image_background_color = `#ffffff`;\n\n        var oum_location = {};\n        var oum_custom_css = '';\n        var oum_custom_script = '';\n        var oum_max_image_filesize = 10;\n        var oumMap;\n        var oumMap2;\n\n        \/**\n         * Conditional Field Feature\n         * \n         * @param {string} sourceField - The source field selector\n         * @param {string} targetField - The target field selector\n         * @param {array} condShow - The values that should show the target field\n         * @param {array|null} condHide - The values that should hide the target field. If empty\/null\/undefined, the field will be hidden when condShow is not met.\n         *\/\n        var oumConditionalField = (sourceField, targetField, condShow, condHide = null) => {\n            const sourceElements = document.querySelectorAll(sourceField); \/\/ Select all radios\/checkboxes or single select\n            const targetElementWrapper = document.querySelector(targetField)?.parentElement; \/* works with custom fields only *\/\n\n            \/\/ Check if both sourceElements and targetElementWrapper exist\n            if (!sourceElements.length) {\n                console.warn(`OUM: Source field(s) not found: ${sourceField}`);\n                return;\n            }\n\n            if (!targetElementWrapper) {\n                console.warn(`OUM: Target field wrapper not found: ${targetField}`);\n                return;\n            }\n\n            \/* Event listener for change *\/\n            const onChangeHandler = function() {\n                \/\/ Get selected values for checkboxes and single selected value for radios\/select\n                const selectedValues = Array.from(sourceElements)\n                    .filter(element => element.checked || element.tagName === 'SELECT')\n                    .map(element => element.value);\n\n                const selectedValue = selectedValues[0]; \/\/ For radios and selects, we use only the first (and only) value\n\n                console.log('OUM: run condition', {selectedValue, sourceField, targetField, condShow, condHide});\n                \n                \/\/ Show or hide target field based on the selected value(s)\n                if (condShow.includes(selectedValue)) {\n                    \/\/ Show the field if condShow condition is met\n                    targetElementWrapper.style.display = 'block';\n                } else if (condHide && Array.isArray(condHide) && condHide.length > 0 && condHide.includes(selectedValue)) {\n                    \/\/ Hide the field if condHide is provided and condition is met\n                    targetElementWrapper.style.display = 'none';\n                } else if (!condHide || (Array.isArray(condHide) && condHide.length === 0)) {\n                    \/\/ If condHide is empty\/null\/undefined, hide the field when condShow is not met\n                    targetElementWrapper.style.display = 'none';\n                }\n            };\n\n            \/* Attach the event listener to each radio\/checkbox or select *\/\n            sourceElements.forEach(element => {\n                element.addEventListener('change', onChangeHandler);\n            });\n\n            \/* Trigger initially *\/\n            onChangeHandler(); \/\/ Call it directly to set initial state\n        };\n\n        \/**\n         * Add Custom Styles\n         *\/\n        \n                            \/* custom color *\/\n          oum_custom_css += `\n            .open-user-map .add-location #close-add-location-overlay:hover {color: #25acc6 !important}\n            .open-user-map .box-wrap .map-wrap .open-add-location-overlay {background-color: #25acc6 !important}\n            .open-user-map .box-wrap .map-wrap .open-add-location-overlay:hover,\n            .open-user-map .box-wrap .map-wrap .open-add-location-overlay:active {background-color: #219bb2 !important}\n            .open-user-map .box-wrap .map-wrap .oum-filter-controls .oum-filter-list .close-filter-list:hover {color: #25acc6 !important}\n            .open-user-map .oum-advanced-filter-button .oum-advanced-filter-content .close-advanced-filter:hover,\n            .open-user-map .oum-advanced-filter-panel .oum-advanced-filter-content .close-advanced-filter:hover {color: #25acc6 !important}\n            .open-user-map input.oum-switch[type=\"checkbox\"]:checked + label::before {background-color: #25acc6 !important}\n            .open-user-map .add-location .location-overlay-content #oum_add_location .oum-required-indicator {color: #25acc6 !important}\n            .open-user-map .add-location .location-overlay-content #oum_add_location h2 {color: #25acc6 !important}\n            .open-user-map .add-location .location-overlay-content #oum_add_location input[type=text]:focus,\n            .open-user-map .add-location .location-overlay-content #oum_add_location input[type=email]:focus,\n            .open-user-map .add-location .location-overlay-content #oum_add_location input[type=url]:focus,\n            .open-user-map .add-location .location-overlay-content #oum_add_location textarea:focus,\n            .open-user-map .add-location .location-overlay-content #oum_add_location select:focus {border-color: #25acc6 !important; box-shadow: 0 0 0 2px #25acc61a !important}\n            .open-user-map .add-location .location-overlay-content #oum_add_location_thankyou h3 {color: #25acc6 !important}\n            .open-user-map .oum_location_text a {color: #25acc6 !important}\n            .open-user-map .oum_location_text .oum_vote_button_wrap .oum_vote_button.voted {background: #25acc6 !important; border-color: #25acc6 !important;}\n            .open-user-map .oum-tabs {border-color: #25acc6 !important}\n            .open-user-map .oum-tabs .nav-item:hover {color: #25acc6 !important; border-color: #25acc6 !important}\n            .open-user-map .oum-tabs .nav-item.active {color: #25acc6 !important; border-color: #25acc6 !important}\n            .open-user-map .box-wrap .map-wrap .oum-attribution a {color: #25acc6 !important;}\n            \/* Submit Button *\/\n            .open-user-map .add-location .location-overlay-content #oum_add_location input[type=submit] {background-color: #25acc6 !important; border-color: #25acc6 !important;}\n            .open-user-map .add-location .location-overlay-content #oum_add_location input[type=submit]:hover,\n            .open-user-map .add-location .location-overlay-content #oum_add_location input[type=submit]:active {background-color: #219bb2 !important;}\n            \/* Message CTA Buttons *\/\n            .open-user-map .add-location .location-overlay-content #oum_add_location_thankyou button {background-color: #25acc6 !important; border-color: #25acc6 !important;}\n            .open-user-map .add-location .location-overlay-content #oum_add_location_thankyou button:hover,\n            .open-user-map .add-location .location-overlay-content #oum_add_location_thankyou button:active {background-color: #219bb2 !important;}\n            .open-user-map .add-location .location-overlay-content .oum-delete-confirmation button {background-color: #25acc6 !important; border-color: #25acc6 !important;}\n            .open-user-map .add-location .location-overlay-content .oum-delete-confirmation button:hover,\n            .open-user-map .add-location .location-overlay-content .oum-delete-confirmation button:active {background-color: #219bb2 !important;}\n            \/* Media Section Colors *\/\n            .open-user-map .add-location .location-overlay-content #oum_add_location .oum_media .media-upload label {color: #25acc6 !important}\n            .open-user-map .add-location .location-overlay-content #oum_add_location .oum_media .oum-image-upload .media-upload-top label .multi-upload-indicator {background: #25acc6 !important}\n            .open-user-map .add-location .location-overlay-content #oum_add_location .oum_media .oum-video-upload input[type=text]:hover {border-color: #25acc6 !important}\n            .open-user-map .add-location .location-overlay-content #oum_add_location .oum_media .oum-video-upload input[type=text]:focus {border-color: #25acc6 !important; box-shadow: 0 0 0 2px #25acc61a !important}\n            .open-user-map .add-location .location-overlay-content #oum_add_location .oum_media .image-preview-placeholder {border-color: #25acc6 !important; background: #25acc60a !important}\n            .open-user-map .add-location .location-overlay-content #oum_add_location .oum_media .oum-image-preview-grid .image-preview-item.dragging {border-color: #25acc6 !important}\n            \/* List Styles *\/\n            .open-user-map-locations-list .oum-locations-list-item .oum_location_text a {color: #25acc6 !important} \n            .open-user-map-locations-list .oum-locations-list-item .oum_location_text .oum_vote_button_wrap .oum_vote_button.voted {background: #25acc6 !important; border-color: #25acc6 !important;}`;\n\n        \n        \n        \n        var custom_style = document.createElement('style');\n\n        if (custom_style.styleSheet) {\n          custom_style.styleSheet.cssText = oum_custom_css;\n        } else {\n          custom_style.appendChild(document.createTextNode(oum_custom_css));\n        }\n\n        document.getElementsByTagName('head')[0].appendChild(custom_style);\n\n        \/* Add initial CSS to prevent flash of unstyled content *\/\n        var initialStyles = document.createElement('style');\n        initialStyles.textContent = `\n          .oum-hidden {\n            opacity: 0 !important;\n            visibility: hidden !important;\n            transition: opacity 0.3s ease, visibility 0.3s ease;\n          }\n          .oum-filter-controls,\n          .open-add-location-overlay,\n          #oum_filter_markers,\n          .oum-advanced-filter-button,\n          .oum-advanced-filter-panel,\n          .oum-sidebar {\n            opacity: 0;\n            visibility: hidden;\n            transition: opacity 0.3s ease, visibility 0.3s ease;\n          }\n          .oum-filter-controls.visible,\n          .open-add-location-overlay.visible,\n          #oum_filter_markers.visible,\n          .oum-advanced-filter-button.visible,\n          .oum-advanced-filter-panel.visible,\n          .oum-sidebar.visible {\n            opacity: 1;\n            visibility: visible;\n          }\n        `;\n        document.head.appendChild(initialStyles);\n\n      }\n    <\/script>\n\n  <\/div>\n\n<\/div>\n  <\/div>\n\n<\/div>\n\n\n<div class=\"wp-block-columns is-layout-flex wp-container-core-columns-is-layout-28f84493 wp-block-columns-is-layout-flex\">\n<div class=\"wp-block-column is-layout-flow wp-block-column-is-layout-flow\">\n<pre class=\"wp-block-preformatted has-system-font-font-family\">Po drugi svetovni vojni je Koper do\u017eivel temeljne socialne in politi\u010dne spremembe. Poseben polo\u017eaj severne Istre, predvsem obstoj cone B Svobodnega tr\u017ea\u0161kega ozemlja, je oblikoval samosvoj razvoj povojne arhitekture in urbanizma, ki danes predstavljata edinstven pojav v slovenski arhitekturi.<br><br>Modernizem v arhitekturi, kot ga je opredelil Charles Jencks, je iskanje novih odgovorov na izzive modernizacije dru\u017ebe. V Kopru so celovite modernisti\u010dne re\u0161itve uresni\u010dili \u0161ele po drugi svetovni vojni, kar omogo\u010da edinstven vpogled v razvoj mestnega prostora.<br><br>Razstava se osredoto\u010da na povojne urbanisti\u010dne na\u010drte in njihovo realizacijo, lokalno odkriva zgodbe Kopra, na nacionalni ravni pa preizpra\u0161uje vizije povojnega razvoja in njihove posledice.<br><br>Razstava je zasnovana kot dvodelna razstavna pripoved: prvi del v Pokrajinskem arhivu Koper se osredoto\u010da na razvoj urbanisti\u010dnih na\u010drtov, drugi del pa se v Pokrajinskem muzeju Koper raz\u0161iri na dru\u017ebene in arhitekturne plasti prostora.<br><br>Ta spletna stran je namenjena zbiranju va\u0161ih spominov, vtisov in osebnih zgodb. Kako ste neko\u010d do\u017eivljali koprsko arhitekturo? Kako jo vidite danes? Kje ste odra\u0161\u010dali, kje se dru\u017eili, katere stavbe so vas navdihovale ali presene\u010dale?<br><br>Vabimo vas, da z nami delite svoje poglede in vtise  mesta in arhitekture.<\/pre>\n<\/div>\n\n\n\n<div class=\"wp-block-column is-layout-flow wp-block-column-is-layout-flow\">\n<pre class=\"wp-block-preformatted has-system-font-font-family\">Dopo la Seconda Guerra Mondiale, Capodistria ha vissuto profonde trasformazioni politiche e sociali. Il peculiare contesto politico dell\u2019Istria del secondo dopoguerra, definito anche dall\u2019istituzione della Zona B del Territorio Libero di Trieste, ha prodotto esiti architettonici e urbanistici che oggi costituiscono un fenomeno distintivo all\u2019interno dell\u2019architettura slovena.<br><br>Il modernismo in architettura, come lo definisce Charles Jencks, \u00e8 la ricerca di nuove risposte alle sfide della modernizzazione della societ\u00e0. A Capodistria, le soluzioni moderniste complete si sono realizzate solo dopo la Seconda Guerra Mondiale, offrendo cos\u00ec una prospettiva unica dello sviluppo dello spazio urbano.<br><br>La mostra si concentra sui piani urbanistici del dopoguerra e sulla loro realizzazione e a livello locale rileva le storie della citt\u00e0, mentre a livello nazionale riflette sulle visioni di sviluppo cittadine del dopoguerra e sulle loro conseguenze.<br><br>L\u2019esposizione si sviluppa in due sezioni: la prima, presso l\u2019Archivio Provinciale di Capodistria, esplora l\u2019evoluzione dei piani urbanistici; la seconda, presso il Museo Provinciale di Capodistria, si apre agli aspetti sociali e architettonici cittadini.<br><br>Questo sito \u00e8 dedicato alla raccolta dei vostri ricordi, impressioni e storie personali. Come avete vissuto un tempo l\u2019architettura di Capodistria? Come la percepite oggi? Dove siete cresciuti, dove vi incontravate per socializzare, quali edifici vi hanno ispirato o sorpreso?<br><br>Vi invitiamo a condividere con noi i vostri punti di vista e le vostre esperienze sulla citt\u00e0 e sulla sua architettura.<\/pre>\n<\/div>\n<\/div>\n\n\n\n<hr class=\"wp-block-separator has-alpha-channel-opacity\"\/>\n\n\n\n<p><strong>Lokacije in termini razstave \/ Luoghi e date delle mostre<\/strong><\/p>\n\n\n\n<p>Pokrajinski arhiv Koper \/ Archivio Regionale di Capodistria <strong>9. 12. 2025 \u2013 21. 1. 2026<\/strong><\/p>\n\n\n\n<p>Pokrajinski muzej Koper \/ Museo Regionale di Capodistria <strong>19. 2. 2025 \u2013 3. 5. 2026<\/strong><\/p>\n\n\n\n<p><strong>Avtorice \/ Autrici<\/strong><strong><\/strong><\/p>\n\n\n\n<p>dr. Ne\u017ea \u010cebron Lipovec<br>mag. Nada \u010cibej<br>dr. Meliha Faji\u0107<br>Vesna Paji\u0107<br>dr. Roberta Vincoletto<\/p>\n\n\n\n<hr class=\"wp-block-separator has-alpha-channel-opacity\"\/>\n\n\n\n<div class=\"wp-block-columns is-layout-flex wp-container-core-columns-is-layout-28f84493 wp-block-columns-is-layout-flex\">\n<div class=\"wp-block-column is-layout-flow wp-block-column-is-layout-flow\">\n<pre class=\"wp-block-preformatted has-system-font-font-family\">Spo\u0161tovani\/-e,<br><br>obve\u0161\u010damo vas, da bodo vpisi na spletni strani objavljeni po pregledu in potrditvi uredni\u0161tva, ki si pridr\u017euje pravico do umika osebnih podatkov, opredeljenih v ustrezni in veljavni evropski in slovenski zakonodaji, razen v primeru, ko uporabnik\/-ca sogla\u0161a z objavo vnesenih svojih osebnih podatkov in sogla\u0161a, da je z vnosom osebnih podatkov tretjih oseb, doti\u010dne seznanil\/-a in da tudi doti\u010dni sogla\u0161ajo z objavo svojih osebnih podatkov.<br><br>Uporabnikom\/-cam spletne strani se obenem zahvaljujemo za razumevanje zaradi ustrezno odmerjenega \u010dasa za urednikovanje.<br><br>Za dodatna vpra\u0161anja nam lahko pi\u0161ete na e-naslov uredni\u0161tva: <br><br>Ne\u017ea \u010cebron Lipovec <a href=\"mailto:neza.cl@fhs.upr.si\">neza.cl@fhs.upr.si<\/a><br><br>Vesna Paji\u0107: <a href=\"mailto:vesna.pajic@koper.si\">vesna.pajic@koper.si<\/a><\/pre>\n<\/div>\n\n\n\n<div class=\"wp-block-column is-layout-flow wp-block-column-is-layout-flow\">\n<pre class=\"wp-block-preformatted has-system-font-font-family\">Gentili Signore e Signori,<br><br>informiamo che le iscrizioni sul sito web saranno pubblicate dopo la revisione e l\u2019approvazione da parte della redazione, che si riserva il diritto di rimuovere i dati personali, come definiti dalla vigente normativa europea e slovena, salvo nei casi in cui l\u2019utente acconsenta alla pubblicazione dei dati personali inseriti e dichiari di aver informato le terze persone i cui dati personali ha inserito, ottenendone il consenso alla loro pubblicazione.<br><br>Ringraziamo inoltre gli utenti del sito web per la comprensione dovuta al tempo dedicato alla revisione.<br><br>Per ulteriori domande, potete scrivere all'indirizzo e-mail della redazione:<br><br>Ne\u017ea \u010cebron Lipovec <a href=\"mailto:neza.cl@fhs.upr.si\">neza.cl@fhs.upr.si<\/a><br><br>Vesna Paji\u0107: <a href=\"mailto:vesna.pajic@koper.si\">vesna.pajic@koper.si<\/a><\/pre>\n<\/div>\n<\/div>\n<\/div>\n<\/div>\n\n\n\n<div class=\"wp-block-columns alignwide is-layout-flex wp-container-core-columns-is-layout-28f84493 wp-block-columns-is-layout-flex\">\n<div class=\"wp-block-column is-layout-flow wp-block-column-is-layout-flow\">\n<figure class=\"wp-block-table is-style-regular\"><table class=\"has-fixed-layout\" style=\"border-style:none;border-width:0px\"><tbody><tr><td class=\"has-text-align-center\" data-align=\"center\"><img loading=\"lazy\" decoding=\"async\" width=\"200\" height=\"90\" class=\"wp-image-114\" style=\"width: 200px;\" src=\"https:\/\/slediarhitekture.arhiv-koper.si\/wp-content\/uploads\/2025\/12\/1200px-PAK_myk.svg_.png\" alt=\"\" srcset=\"https:\/\/slediarhitekture.arhiv-koper.si\/wp-content\/uploads\/2025\/12\/1200px-PAK_myk.svg_.png 1200w, https:\/\/slediarhitekture.arhiv-koper.si\/wp-content\/uploads\/2025\/12\/1200px-PAK_myk.svg_-300x135.png 300w, https:\/\/slediarhitekture.arhiv-koper.si\/wp-content\/uploads\/2025\/12\/1200px-PAK_myk.svg_-1024x461.png 1024w, https:\/\/slediarhitekture.arhiv-koper.si\/wp-content\/uploads\/2025\/12\/1200px-PAK_myk.svg_-768x346.png 768w\" sizes=\"auto, (max-width: 200px) 100vw, 200px\" \/><\/td><td class=\"has-text-align-center\" data-align=\"center\"><img loading=\"lazy\" decoding=\"async\" width=\"150\" height=\"84\" class=\"wp-image-113\" style=\"width: 150px;\" src=\"https:\/\/slediarhitekture.arhiv-koper.si\/wp-content\/uploads\/2025\/12\/fhs.png\" alt=\"\"><\/td><td class=\"has-text-align-center\" data-align=\"center\"><img loading=\"lazy\" decoding=\"async\" width=\"150\" height=\"115\" class=\"wp-image-112\" style=\"width: 150px;\" src=\"https:\/\/slediarhitekture.arhiv-koper.si\/wp-content\/uploads\/2025\/12\/PMK.png\" alt=\"\" srcset=\"https:\/\/slediarhitekture.arhiv-koper.si\/wp-content\/uploads\/2025\/12\/PMK.png 900w, https:\/\/slediarhitekture.arhiv-koper.si\/wp-content\/uploads\/2025\/12\/PMK-300x230.png 300w, https:\/\/slediarhitekture.arhiv-koper.si\/wp-content\/uploads\/2025\/12\/PMK-768x588.png 768w\" sizes=\"auto, (max-width: 150px) 100vw, 150px\" \/><\/td><td class=\"has-text-align-center\" data-align=\"center\"><img loading=\"lazy\" decoding=\"async\" width=\"150\" height=\"106\" class=\"wp-image-125\" style=\"width: 150px;\" src=\"https:\/\/slediarhitekture.arhiv-koper.si\/wp-content\/uploads\/2026\/01\/logoMOK.png\" alt=\"\" srcset=\"https:\/\/slediarhitekture.arhiv-koper.si\/wp-content\/uploads\/2026\/01\/logoMOK.png 1187w, https:\/\/slediarhitekture.arhiv-koper.si\/wp-content\/uploads\/2026\/01\/logoMOK-300x212.png 300w, https:\/\/slediarhitekture.arhiv-koper.si\/wp-content\/uploads\/2026\/01\/logoMOK-1024x723.png 1024w, https:\/\/slediarhitekture.arhiv-koper.si\/wp-content\/uploads\/2026\/01\/logoMOK-768x542.png 768w\" sizes=\"auto, (max-width: 150px) 100vw, 150px\" \/><\/td><td class=\"has-text-align-center\" data-align=\"center\"><img loading=\"lazy\" decoding=\"async\" width=\"300\" height=\"45\" class=\"wp-image-127\" style=\"width: 300px;\" src=\"https:\/\/slediarhitekture.arhiv-koper.si\/wp-content\/uploads\/2026\/01\/MK_SI.png\" alt=\"\"><\/td><\/tr><\/tbody><\/table><\/figure>\n<\/div>\n<\/div>\n","protected":false},"excerpt":{"rendered":"<p>DODAJ SVOJ VTIS\/SPOMIN \/ AGGIUNGI LA TUA IMPRESSIONE\/RICORDO Na zemljevidu ozna\u010di, na katero stavbo, javni prostor je vezan tvoj vtis\/spomin. \/ Sulla mappa indica a quale edificio o spazio pubblico si lega la tua impressione o ricordo. Po drugi svetovni vojni je Koper do\u017eivel temeljne socialne in politi\u010dne spremembe. Poseben polo\u017eaj severne Istre, predvsem obstoj [&hellip;]<\/p>\n","protected":false},"author":1,"featured_media":0,"parent":0,"menu_order":0,"comment_status":"closed","ping_status":"open","template":"","meta":{"footnotes":""},"class_list":["post-2","page","type-page","status-publish","hentry"],"_links":{"self":[{"href":"https:\/\/slediarhitekture.arhiv-koper.si\/index.php\/wp-json\/wp\/v2\/pages\/2","targetHints":{"allow":["GET"]}}],"collection":[{"href":"https:\/\/slediarhitekture.arhiv-koper.si\/index.php\/wp-json\/wp\/v2\/pages"}],"about":[{"href":"https:\/\/slediarhitekture.arhiv-koper.si\/index.php\/wp-json\/wp\/v2\/types\/page"}],"author":[{"embeddable":true,"href":"https:\/\/slediarhitekture.arhiv-koper.si\/index.php\/wp-json\/wp\/v2\/users\/1"}],"replies":[{"embeddable":true,"href":"https:\/\/slediarhitekture.arhiv-koper.si\/index.php\/wp-json\/wp\/v2\/comments?post=2"}],"version-history":[{"count":40,"href":"https:\/\/slediarhitekture.arhiv-koper.si\/index.php\/wp-json\/wp\/v2\/pages\/2\/revisions"}],"predecessor-version":[{"id":139,"href":"https:\/\/slediarhitekture.arhiv-koper.si\/index.php\/wp-json\/wp\/v2\/pages\/2\/revisions\/139"}],"wp:attachment":[{"href":"https:\/\/slediarhitekture.arhiv-koper.si\/index.php\/wp-json\/wp\/v2\/media?parent=2"}],"curies":[{"name":"wp","href":"https:\/\/api.w.org\/{rel}","templated":true}]}}